{"id":4787,"date":"2021-05-10T16:31:11","date_gmt":"2021-05-10T14:31:11","guid":{"rendered":"http:\/\/dev.lebenshilfe-stuttgart.de\/kita\/"},"modified":"2025-01-09T13:54:32","modified_gmt":"2025-01-09T12:54:32","slug":"kita","status":"publish","type":"page","link":"https:\/\/www.lebenshilfe-stuttgart.de\/de_leicht\/kita\/","title":{"rendered":"Inklusive Kinder\u00b7tages\u00b7st\u00e4tte"},"content":{"rendered":"<section class=\"bde-section-4787-100 bde-section\">\n  \n  \n\t\n\n\n\n<div class=\"section-container\"><div class=\"bde-columns-4787-101 bde-columns\"><div class=\"bde-column-4787-102 bde-column\">\n  \n  \n\t\n\n\n\n<div class=\"bde-image-4787-103 bde-image\">\n<figure class=\"breakdance-image breakdance-image--15771\">\n\t<div class=\"breakdance-image-container\">\n\t\t<div class=\"breakdance-image-clip\"><img loading=\"lazy\" decoding=\"async\" class=\"breakdance-image-object\" src=\"https:\/\/www.lebenshilfe-stuttgart.de\/wp-content\/uploads\/2024\/10\/Kita_mood_03_1050.jpg\" width=\"1050\" height=\"700\" srcset=\"https:\/\/www.lebenshilfe-stuttgart.de\/wp-content\/uploads\/2024\/10\/Kita_mood_03_1050.jpg 1050w, https:\/\/www.lebenshilfe-stuttgart.de\/wp-content\/uploads\/2024\/10\/Kita_mood_03_1050-300x200.jpg 300w, https:\/\/www.lebenshilfe-stuttgart.de\/wp-content\/uploads\/2024\/10\/Kita_mood_03_1050-1024x683.jpg 1024w, https:\/\/www.lebenshilfe-stuttgart.de\/wp-content\/uploads\/2024\/10\/Kita_mood_03_1050-768x512.jpg 768w, https:\/\/www.lebenshilfe-stuttgart.de\/wp-content\/uploads\/2024\/10\/Kita_mood_03_1050-600x400.jpg 600w\" sizes=\"auto, (max-width: 1050px) 100vw, 1050px\" alt=\"Zwei Kinder und eine Erzieherin in der Inklusiven Kindertagesst\u00e4tte\"><\/div>\n\t<\/div><\/figure>\n\n<\/div>\n<\/div><div class=\"bde-column-4787-104 bde-column\">\n  \n  \n\t\n\n\n\n<div class=\"bde-image-4787-105 bde-image\">\n<figure class=\"breakdance-image breakdance-image--15774\">\n\t<div class=\"breakdance-image-container\">\n\t\t<div class=\"breakdance-image-clip\"><img loading=\"lazy\" decoding=\"async\" class=\"breakdance-image-object\" src=\"https:\/\/www.lebenshilfe-stuttgart.de\/wp-content\/uploads\/2024\/10\/Logo_Kita_02.png\" width=\"280\" height=\"120\" sizes=\"auto, (max-width: 280px) 100vw, 280px\" alt=\"Logo der Inklusiven Kindertagesst\u00e4tte Am Wallgraben\"><\/div>\n\t<\/div><\/figure>\n\n<\/div><h1 class=\"bde-heading-4787-106 bde-heading\">\nInklusive Kinder\u00b7\u00adtages\u00b7st\u00e4tte\n<\/h1><div class=\"bde-rich-text-4787-111 bde-rich-text breakdance-rich-text-styles translation-block\">Zur Lebenshilfe Stuttgart geh\u00f6rt eine Kinder\u00b7tages\u00b7st\u00e4tte.<br>\nSie ist in Stuttgart-Vaihingen.<br>\nSie hei\u00dft: Am Wallgraben.<br>\nHier spielen und lernen Kinder zusammen.<br>\nKinder mit Behinderung.<br>\nUnd Kinder ohne Behinderung.<\/div><div class=\"bde-div-4787-108 bde-div\">\n  \n  \n\t\n\n\n\n<div class=\"bde-button-4787-109 bde-button bde-preset-52693b22-12c9-4498-ae0a-68d537189dbe\">\n        \n    \n    \n    \n    \n            \n                    \n            \n            \n\n    \n    \n    \n    \n    \n    <a class=\"breakdance-link button-atom button-atom--custom bde-button__button\" href=\"#anker_werwirsind\" target=\"_self\" data-type=\"url\"  >\n\n    \n        <span class=\"button-atom__text\">Wer wir sind<\/span>\n\n                            \n        \n                <\/a>\n\n    \n\n\n<\/div><div class=\"bde-button-4787-110 bde-button bde-preset-52693b22-12c9-4498-ae0a-68d537189dbe\">\n        \n    \n    \n    \n    \n            \n                    \n            \n            \n\n    \n    \n    \n    \n    \n    <a class=\"breakdance-link button-atom button-atom--custom bde-button__button\" href=\"#anker_konzept\" target=\"_self\" data-type=\"url\"  >\n\n    \n        <span class=\"button-atom__text\">Konzept<\/span>\n\n                            \n        \n                <\/a>\n\n    \n\n\n<\/div><div class=\"bde-button-4787-112 bde-button bde-preset-52693b22-12c9-4498-ae0a-68d537189dbe\">\n        \n    \n    \n    \n    \n            \n                    \n            \n            \n\n    \n    \n    \n    \n    \n    <a class=\"breakdance-link button-atom button-atom--custom bde-button__button\" href=\"#anker_team\" target=\"_self\" data-type=\"url\"  >\n\n    \n        <span class=\"button-atom__text\">Team<\/span>\n\n                            \n        \n                <\/a>\n\n    \n\n\n<\/div><div class=\"bde-button-4787-113 bde-button bde-preset-52693b22-12c9-4498-ae0a-68d537189dbe\">\n        \n    \n    \n    \n    \n            \n                    \n            \n            \n\n    \n    \n    \n    \n    \n    <a class=\"breakdance-link button-atom button-atom--custom bde-button__button\" href=\"#anker_kontakt\" target=\"_self\" data-type=\"url\"  >\n\n    \n        <span class=\"button-atom__text\">Kontakt<\/span>\n\n                            \n        \n                <\/a>\n\n    \n\n\n<\/div>\n<\/div>\n<\/div><\/div><\/div>\n<\/section><section id=\"anker_werwirsind\" class=\"bde-section-4787-114 bde-section\">\n  \n  \n\t\n\n\n\n<div class=\"section-container\"><div class=\"bde-columns-4787-115 bde-columns\"><div class=\"bde-column-4787-116 bde-column\">\n  \n  \n\t\n\n\n\n<h2 class=\"bde-heading-4787-117 bde-heading\">\nEine Kita f\u00fcr alle Kinder\n<\/h2><div class=\"bde-rich-text-4787-121 bde-rich-text breakdance-rich-text-styles\">\n<p class=\"translation-block\">Die Kindertagesst\u00e4tte <em>Am Wallgraben<\/em> bietet in zwei Gruppen Platz f\u00fcr insgesamt 30 Kinder. Dabei sind acht Pl\u00e4tze f\u00fcr Kinder mit besonderem F\u00f6rderbedarf vorgesehen. Die Art des F\u00f6rderbedarfes spielt keine Rolle.<\/p><p>Wenn es n\u00f6tig ist k\u00f6nnen andere Therapien in unserer Kita stattfinden.<br>\nZum Beispiel: Logop\u00e4die oder Physiotherapie<\/p>\n<\/div>\n<\/div><div class=\"bde-column-4787-119 bde-column\">\n  \n  \n\t\n\n\n\n<div class=\"bde-image-4787-120 bde-image\">\n<figure class=\"breakdance-image breakdance-image--15772\">\n\t<div class=\"breakdance-image-container\">\n\t\t<div class=\"breakdance-image-clip\"><img loading=\"lazy\" decoding=\"async\" class=\"breakdance-image-object\" src=\"https:\/\/www.lebenshilfe-stuttgart.de\/wp-content\/uploads\/2024\/10\/Kita_mood_04_1050.jpg\" width=\"1050\" height=\"700\" srcset=\"https:\/\/www.lebenshilfe-stuttgart.de\/wp-content\/uploads\/2024\/10\/Kita_mood_04_1050.jpg 1050w, https:\/\/www.lebenshilfe-stuttgart.de\/wp-content\/uploads\/2024\/10\/Kita_mood_04_1050-300x200.jpg 300w, https:\/\/www.lebenshilfe-stuttgart.de\/wp-content\/uploads\/2024\/10\/Kita_mood_04_1050-1024x683.jpg 1024w, https:\/\/www.lebenshilfe-stuttgart.de\/wp-content\/uploads\/2024\/10\/Kita_mood_04_1050-768x512.jpg 768w, https:\/\/www.lebenshilfe-stuttgart.de\/wp-content\/uploads\/2024\/10\/Kita_mood_04_1050-600x400.jpg 600w\" sizes=\"auto, (max-width: 1050px) 100vw, 1050px\" alt=\"Zwei lachende Kinder in der Inklusiven Kindertagesst\u00e4tte\"><\/div>\n\t<\/div><\/figure>\n\n<\/div>\n<\/div><\/div><\/div>\n<\/section><section id=\"anker_konzept\" class=\"bde-section-4787-122 bde-section\">\n  \n  \n\t\n\n\n\n<div class=\"section-container\"><div class=\"bde-columns-4787-123 bde-columns\"><div class=\"bde-column-4787-124 bde-column\">\n  \n  \n\t\n\n\n\n<div class=\"bde-image-4787-125 bde-image\">\n<figure class=\"breakdance-image breakdance-image--15773\">\n\t<div class=\"breakdance-image-container\">\n\t\t<div class=\"breakdance-image-clip\"><img loading=\"lazy\" decoding=\"async\" class=\"breakdance-image-object\" src=\"https:\/\/www.lebenshilfe-stuttgart.de\/wp-content\/uploads\/2024\/10\/Kita_Turnen_01_1050.jpg\" width=\"1050\" height=\"700\" srcset=\"https:\/\/www.lebenshilfe-stuttgart.de\/wp-content\/uploads\/2024\/10\/Kita_Turnen_01_1050.jpg 1050w, https:\/\/www.lebenshilfe-stuttgart.de\/wp-content\/uploads\/2024\/10\/Kita_Turnen_01_1050-300x200.jpg 300w, https:\/\/www.lebenshilfe-stuttgart.de\/wp-content\/uploads\/2024\/10\/Kita_Turnen_01_1050-1024x683.jpg 1024w, https:\/\/www.lebenshilfe-stuttgart.de\/wp-content\/uploads\/2024\/10\/Kita_Turnen_01_1050-768x512.jpg 768w, https:\/\/www.lebenshilfe-stuttgart.de\/wp-content\/uploads\/2024\/10\/Kita_Turnen_01_1050-600x400.jpg 600w\" sizes=\"auto, (max-width: 1050px) 100vw, 1050px\" alt=\"Zwei Kinder spielen im Turnraum der Inklusiven Kindertagesst\u00e4tte\"><\/div>\n\t<\/div><\/figure>\n\n<\/div>\n<\/div><div class=\"bde-column-4787-126 bde-column\">\n  \n  \n\t\n\n\n\n<h2 class=\"bde-heading-4787-127 bde-heading\">\nUnser Konzept\n<\/h2><div class=\"bde-text-4787-128 bde-text translation-block\">Jedes Kind kann andere Dinge gut.<br>\nJedes Kind soll sich gut entwickeln k\u00f6nnen.<br>\nWir helfen jedem Kind dort wo es Hilfe braucht.<br>\n<br>\nBewegung ist uns sehr wichtig.<br>\nMit Bewegung kann man gut lernen.<br>\nDie Sprache ist uns auch wichtig.<br>\nAlle sollen gut miteinander auskommen.<br>\nKeiner soll bei uns besonders behandelt werden.<br>\nWir behandeln alle Kinder gleich.<\/div><div class=\"bde-button-4787-136 bde-button\">\n        \n    \n    \n    \n    \n            \n                    \n            \n            \n\n    \n    \n    \n    \n    \n    <a class=\"breakdance-link button-atom button-atom--custom bde-button__button\" href=\"\/wp-content\/uploads\/2024\/10\/Konzeption-Kita-Januar-2021-1.pdf\" target=\"_blank\" data-type=\"url\"  >\n\n    \n        <span class=\"button-atom__text\">P\u00e4dagogische Konzeption<\/span>\n\n                            \n        \n                <\/a>\n\n    \n\n\n<\/div>\n<\/div><\/div><\/div>\n<\/section><section id=\"anker_team\" class=\"bde-section-4787-145 bde-section\">\n  \n  \n\t\n\n\n\n<div class=\"section-container\"><div class=\"bde-columns-4787-146 bde-columns\"><div class=\"bde-column-4787-147 bde-column\">\n  \n  \n\t\n\n\n\n<h2 class=\"bde-heading-4787-148 bde-heading\">\nDas Team\n<\/h2><div class=\"bde-text-4787-149 bde-text translation-block\">In unserem Team arbeiten Menschen aus verschiedenen Berufen.<br>\nUnsere Mitarbeiterinnen sind gut ausgebildet.<br>\nManche haben eine Behinderung.<br>\n<br>\nBei uns arbeiten auch Menschen die eine Ausbildung machen.<br>\nOder ein Praktikum.<br>\nOder ein Freiwilliges Soziales Jahr.<\/div>\n<\/div><div class=\"bde-column-4787-150 bde-column\">\n  \n  \n\t\n\n\n\n<div class=\"bde-image-4787-151 bde-image\">\n<figure class=\"breakdance-image breakdance-image--15770\">\n\t<div class=\"breakdance-image-container\">\n\t\t<div class=\"breakdance-image-clip\"><img loading=\"lazy\" decoding=\"async\" class=\"breakdance-image-object\" src=\"https:\/\/www.lebenshilfe-stuttgart.de\/wp-content\/uploads\/2024\/10\/Kita_mood_01_1050.jpg\" width=\"1050\" height=\"700\" srcset=\"https:\/\/www.lebenshilfe-stuttgart.de\/wp-content\/uploads\/2024\/10\/Kita_mood_01_1050.jpg 1050w, https:\/\/www.lebenshilfe-stuttgart.de\/wp-content\/uploads\/2024\/10\/Kita_mood_01_1050-300x200.jpg 300w, https:\/\/www.lebenshilfe-stuttgart.de\/wp-content\/uploads\/2024\/10\/Kita_mood_01_1050-1024x683.jpg 1024w, https:\/\/www.lebenshilfe-stuttgart.de\/wp-content\/uploads\/2024\/10\/Kita_mood_01_1050-768x512.jpg 768w, https:\/\/www.lebenshilfe-stuttgart.de\/wp-content\/uploads\/2024\/10\/Kita_mood_01_1050-600x400.jpg 600w\" sizes=\"auto, (max-width: 1050px) 100vw, 1050px\" alt=\"Eine Erzieherin spielt in der Inklusiven Kindertagesst\u00e4tte mit einem Jungen ein Spiel\"><\/div>\n\t<\/div><\/figure>\n\n<\/div>\n<\/div><\/div><\/div>\n<\/section><section id=\"anker_kontakt\" class=\"bde-section-4787-152 bde-section\">\n  \n  \n\t\n\n\n\n<div class=\"section-container\"><div class=\"bde-columns-4787-160 bde-columns\"><div class=\"bde-column-4787-161 bde-column\">\n  \n  \n\t\n\n\n\n<div class=\"bde-columns-4787-191 bde-columns\"><div class=\"bde-column-4787-192 bde-column\">\n  \n  \n\t\n\n\n\n<h3 class=\"bde-heading-4787-155 bde-heading\">\nInklusive Kinder\u00b7tages\u00b7st\u00e4tte<br>Am Wallgraben\n<\/h3><div class=\"bde-text-4787-156 bde-text\">\nErnsthaldenstra\u00dfe 41<br>70565 Stuttgart-Vaihingen\n<\/div><h3 class=\"bde-heading-4787-164 bde-heading\">\n\u00d6ffnungszeiten\n<\/h3><div class=\"bde-text-4787-165 bde-text\">\nMontag bis Freitag<br>Fr\u00fchbetreuung: 7 Uhr bis 8 Uhr<br>Kernzeitbetreuung: 8 Uhr bis 16 Uhr<br>Sp\u00e4tbetreuung: 16 Uhr bis 17 Uhr\n<\/div>\n<\/div><div class=\"bde-column-4787-193 bde-column\">\n  \n  \n\t\n\n\n\n<h3 class=\"bde-heading-4787-166 bde-heading\">\nDownloads\n<\/h3><div class=\"bde-button-4787-167 bde-button\">\n        \n    \n    \n    \n    \n            \n                    \n            \n            \n\n    \n    \n    \n    \n    \n    <a class=\"breakdance-link button-atom button-atom--custom bde-button__button\" href=\"\/wp-content\/uploads\/2024\/10\/Gebuehrenordnung.pdf\" target=\"_blank\" data-type=\"url\"  >\n\n    \n        <span class=\"button-atom__text\">Geb\u00fchrenordnung<\/span>\n\n                            \n        \n                <\/a>\n\n    \n\n\n<\/div><div class=\"bde-button-4787-168 bde-button\">\n        \n    \n    \n    \n    \n            \n                    \n            \n            \n\n    \n    \n    \n    \n    \n    <a class=\"breakdance-link button-atom button-atom--custom bde-button__button\" href=\"\/wp-content\/uploads\/2024\/10\/Konzeption-Kita-Januar-2021-1.pdf\" target=\"_blank\" data-type=\"url\"  >\n\n    \n        <span class=\"button-atom__text\">P\u00e4dagogische Konzeption<\/span>\n\n                            \n        \n                <\/a>\n\n    \n\n\n<\/div><div class=\"bde-button-4787-169 bde-button\">\n        \n    \n    \n    \n    \n            \n                    \n            \n            \n\n    \n    \n    \n    \n    \n    <a class=\"breakdance-link button-atom button-atom--custom bde-button__button\" href=\"\/wp-content\/uploads\/2024\/10\/Aufnahmeantrag-und-Stammdaten.pdf\" target=\"_blank\" data-type=\"url\"  >\n\n    \n        <span class=\"button-atom__text\">Anmeldeformular<\/span>\n\n                            \n        \n                <\/a>\n\n    \n\n\n<\/div><div class=\"bde-image-4787-170 bde-image\">\n<figure class=\"breakdance-image breakdance-image--15775\">\n\t<div class=\"breakdance-image-container\">\n\t\t<div class=\"breakdance-image-clip\"><img loading=\"lazy\" decoding=\"async\" class=\"breakdance-image-object\" src=\"https:\/\/www.lebenshilfe-stuttgart.de\/wp-content\/uploads\/2024\/10\/Plakette.png\" width=\"805\" height=\"1135\" srcset=\"https:\/\/www.lebenshilfe-stuttgart.de\/wp-content\/uploads\/2024\/10\/Plakette.png 805w, https:\/\/www.lebenshilfe-stuttgart.de\/wp-content\/uploads\/2024\/10\/Plakette-213x300.png 213w, https:\/\/www.lebenshilfe-stuttgart.de\/wp-content\/uploads\/2024\/10\/Plakette-726x1024.png 726w, https:\/\/www.lebenshilfe-stuttgart.de\/wp-content\/uploads\/2024\/10\/Plakette-768x1083.png 768w, https:\/\/www.lebenshilfe-stuttgart.de\/wp-content\/uploads\/2024\/10\/Plakette-600x846.png 600w\" sizes=\"auto, (max-width: 805px) 100vw, 805px\"><\/div>\n\t<\/div><\/figure>\n\n<\/div>\n<\/div><\/div>\n<\/div><div class=\"bde-column-4787-163 bde-column\">\n  \n  \n\t\n\n\n\n<div class=\"bde-div-4787-180 bde-div\">\n  \n  \n\t\n\n\n\n<div class=\"bde-image-4787-181 bde-image\">\n<figure class=\"breakdance-image breakdance-image--15776\">\n\t<div class=\"breakdance-image-container\">\n\t\t<div class=\"breakdance-image-clip\"><img loading=\"lazy\" decoding=\"async\" class=\"breakdance-image-object\" src=\"https:\/\/www.lebenshilfe-stuttgart.de\/wp-content\/uploads\/2024\/10\/Strohmeyer-Schniotalla-Antje-1-150x150-1.jpg\" width=\"150\" height=\"150\" sizes=\"auto, (max-width: 150px) 100vw, 150px\" alt=\"Portrait von Antje Strohmeyer-Schniotalla, Leiterin der Inklusiven Kindertagesst\u00e4tte\"><\/div>\n\t<\/div><\/figure>\n\n<\/div><div class=\"bde-div-4787-182 bde-div\">\n  \n  \n\t\n\n\n\n<h3 class=\"bde-heading-4787-183 bde-heading\">\nLeiterin Inklusive Kinder\u00b7tages\u00b7st\u00e4tte Am Wallgraben\n<\/h3><div class=\"bde-rich-text-4787-184 bde-rich-text breakdance-rich-text-styles\">\nAntje Strohmeyer-Schniotalla<br>\nTelefon: 0711 99 73 83 83<br>\nE-Mail: <a title=\"Antja Stromeyer-Schniotalla E-Mail\" href=\"mailto:kita-wallgraben@lebenshilfe-stuttgart.de\">kita-wallgraben@lebenshilfe-stuttgart.de<\/a>\n<\/div>\n<\/div>\n<\/div><div class=\"bde-div-4787-185 bde-div\">\n  \n  \n\t\n\n\n\n<div class=\"bde-image-4787-186 bde-image\">\n<figure class=\"breakdance-image breakdance-image--15729\">\n\t<div class=\"breakdance-image-container\">\n\t\t<div class=\"breakdance-image-clip\"><img loading=\"lazy\" decoding=\"async\" class=\"breakdance-image-object\" src=\"https:\/\/www.lebenshilfe-stuttgart.de\/wp-content\/uploads\/2024\/10\/Sauer-Birgit-150x150-1.jpg\" width=\"150\" height=\"150\" sizes=\"auto, (max-width: 150px) 100vw, 150px\" alt=\"Portrait von Birgit Sauer, Leiterin des Teilhabe-Netzwerkes\"><\/div>\n\t<\/div><\/figure>\n\n<\/div><div class=\"bde-div-4787-187 bde-div\">\n  \n  \n\t\n\n\n\n<h3 class=\"bde-heading-4787-188 bde-heading\">\nFachbereichs\u00b7leiterin Teilhabe-Netzwerk\n<\/h3><div class=\"bde-rich-text-4787-189 bde-rich-text breakdance-rich-text-styles\">\nBirgit Sauer<br>\nTelefon: 0711 89 69 08 65<br>\nE-Mail: <a title=\"Birgit Sauer E-Mail\" href=\"mailto:b.sauer@lebenshilfe-stuttgart.de\">b.sauer@lebenshilfe-stuttgart.de<\/a>\n<\/div>\n<\/div>\n<\/div>\n<\/div><\/div><\/div>\n<\/section>","protected":false},"excerpt":{"rendered":"<p class=\"translation-block\">Zur Lebenshilfe Stuttgart geh\u00f6rt eine Kinder\u00b7tages\u00b7st\u00e4tte.<br>\nSie ist in Stuttgart-Vaihingen.<br>\nSie hei\u00dft: Am Wallgraben.<br>\nHier spielen und lernen Kinder zusammen.<br>\nKinder mit Behinderung.<br>\nUnd Kinder ohne Behinderung.<\/p>","protected":false},"author":2,"featured_media":0,"parent":0,"menu_order":0,"comment_status":"closed","ping_status":"closed","template":"","meta":{"_acf_changed":false,"_breakdance_hide_in_design_set":false,"_breakdance_tags":"","footnotes":""},"folder":[],"class_list":["post-4787","page","type-page","status-publish","hentry"],"acf":[],"_links":{"self":[{"href":"https:\/\/www.lebenshilfe-stuttgart.de\/de_leicht\/wp-json\/wp\/v2\/pages\/4787","targetHints":{"allow":["GET"]}}],"collection":[{"href":"https:\/\/www.lebenshilfe-stuttgart.de\/de_leicht\/wp-json\/wp\/v2\/pages"}],"about":[{"href":"https:\/\/www.lebenshilfe-stuttgart.de\/de_leicht\/wp-json\/wp\/v2\/types\/page"}],"author":[{"embeddable":true,"href":"https:\/\/www.lebenshilfe-stuttgart.de\/de_leicht\/wp-json\/wp\/v2\/users\/2"}],"replies":[{"embeddable":true,"href":"https:\/\/www.lebenshilfe-stuttgart.de\/de_leicht\/wp-json\/wp\/v2\/comments?post=4787"}],"version-history":[{"count":45,"href":"https:\/\/www.lebenshilfe-stuttgart.de\/de_leicht\/wp-json\/wp\/v2\/pages\/4787\/revisions"}],"predecessor-version":[{"id":17037,"href":"https:\/\/www.lebenshilfe-stuttgart.de\/de_leicht\/wp-json\/wp\/v2\/pages\/4787\/revisions\/17037"}],"wp:attachment":[{"href":"https:\/\/www.lebenshilfe-stuttgart.de\/de_leicht\/wp-json\/wp\/v2\/media?parent=4787"}],"wp:term":[{"taxonomy":"folder","embeddable":true,"href":"https:\/\/www.lebenshilfe-stuttgart.de\/de_leicht\/wp-json\/wp\/v2\/folder?post=4787"}],"curies":[{"name":"wp","href":"https:\/\/api.w.org\/{rel}","templated":true}]}}