{"id":9729,"date":"2022-02-08T11:01:47","date_gmt":"2022-02-08T10:01:47","guid":{"rendered":"http:\/\/breakdance.lebenshilfe-stuttgart.de\/?page_id=9729"},"modified":"2024-11-12T10:42:40","modified_gmt":"2024-11-12T09:42:40","slug":"datenschutz-beschwerde","status":"publish","type":"page","link":"https:\/\/www.lebenshilfe-stuttgart.de\/de_leicht\/datenschutz-beschwerde\/","title":{"rendered":"Datenschutz Beschwerde"},"content":{"rendered":"<section class=\"bde-section-9729-100 bde-section\">\n  \n  \n\t\n\n\n\n<div class=\"section-container\"><h1 class=\"bde-heading-9729-101 bde-heading\">\nDatenschutzhinweise f\u00fcr das Beschwerdeformular\n<\/h1><\/div>\n<\/section><section class=\"bde-section-9729-102 bde-section\">\n  \n  \n\t\n\n\n\n<div class=\"section-container\"><div class=\"bde-text-9729-103 bde-text\">\nGerne informieren wir Sie hiermit \u00fcber die Verarbeitung Ihrer Daten gem\u00e4\u00df Artikel 13 DSGVO.\n<\/div><h2 class=\"bde-heading-9729-104 bde-heading\">\n1. Allgemeine Hinweise\n<\/h2><div class=\"bde-rich-text-9729-105 bde-rich-text breakdance-rich-text-styles\">\n<p>Verantwortlich f\u00fcr die Datenverarbeitung auf dieser Website ist:<br \/>Lebenshilfe Stuttgart e.V.<br \/>Ernsthaldenstra\u00dfe 39<br \/>70565 Stuttgart<br \/>Telefon: 0711 32 09 71 25<br \/>E-Mail: <a href=\"mailto:verein@lebenshilfe-stuttgart.de\">verein@lebenshilfe-stuttgart.de<\/a><\/p><h3>Datenschutzbeauftrager<\/h3><p>Lebenshilfe Stuttgart e.V.<br \/>Ernsthaldenstra\u00dfe 39<br \/>70565 Stuttgart<br \/>E-Mail: <a href=\"mailto:datenschutz@lebenshilfe-stuttgart.de\">datenschutz@lebenshilfe-stuttgart.de<\/a><\/p><p>Wenden Sie sich bei Fragen zu unserem Datenschutz gerne jederzeit an uns oder unseren Datenschutzbeauftragten.<\/p>\n<\/div><h2 class=\"bde-heading-9729-106 bde-heading\">\n2. Zwecke und Rechtsgrundlage der Datenverarbeitung\n<\/h2><div class=\"bde-text-9729-107 bde-text\">\nWir m\u00f6chten mit dem Beschwerdeformular auf unserer Webseite allen Menschen die M\u00f6glichkeit geben eine Beschwerde \u00fcber die Lebenshilfe Stuttgart digital an uns zu richten. Um Ihre Beschwerde bearbeiten zu k\u00f6nnen und im Falle einer Anschlussfrage Kontakt mit Ihnen aufzunehmen, ben\u00f6tigen wir hierf\u00fcr personenbezogene Daten von Ihnen.<br>Grundlage f\u00fcr jede Datenverarbeitung auf dieser Seite ist Artikel 6 Abs. 1 Uabs. 1 lit. a DSGVO (Einwilligung).\n<\/div><h2 class=\"bde-heading-9729-108 bde-heading\">\n3. Datenverarbeitung und Daten\u00fcbermittlung\n<\/h2><div class=\"bde-text-9729-109 bde-text\">\nWenn Sie uns per Beschwerdeformular eine Beschwerde zukommen lassen, werden Ihre Angaben aus dem Beschwerdeformular inklusive der von Ihnen dort angegebenen Kontaktdaten per E-Mail an uns \u00fcbertragen. Zugriff auf Ihre Daten haben nur die mit der Bearbeitung Ihre Beschwerde zust\u00e4ndigen Mitarbeiterinnen und Mitarbeiter bei der Lebenshilfe Stuttgart e.V.\n<\/div><h2 class=\"bde-heading-9729-110 bde-heading\">\n4. Weitergabe Ihrer pers\u00f6nlichen Daten\n<\/h2><div class=\"bde-text-9729-111 bde-text\">\nIhre Daten werden nicht in L\u00e4nder au\u00dferhalb der EU oder an externe Dritte \u00fcbermittelt.\n<\/div><h2 class=\"bde-heading-9729-112 bde-heading\">\n5. Speicherung Ihrer pers\u00f6nlichen Daten\n<\/h2><div class=\"bde-text-9729-113 bde-text\">\nDie von Ihnen im Kontaktformular eingegebenen Daten werden bei uns gespeichert, und nach sp\u00e4testens 12 Monaten wieder gel\u00f6scht.\n<\/div><h2 class=\"bde-heading-9729-114 bde-heading\">\n7. Ihre Rechte\n<\/h2><div class=\"bde-rich-text-9729-115 bde-rich-text breakdance-rich-text-styles\">\n<p>Folgende Rechte haben Sie bez\u00fcglich der Verarbeitung Ihrer Daten bei uns:<\/p><ul><li>Wenn Sie wissen m\u00f6chten, welche Daten wir \u00fcber Sie gespeichert haben, sagen wir es Ihnen gerne, Sie haben ein Auskunftsrecht nach Art. 15 DSGVO in Verbindung mit \u00a734 BDSG.<\/li><li>Sie haben ein Recht auf L\u00f6schung Ihrer Daten nach Art. 17 DSGVO in Verbindung mit \u00a735 BDSG.<br \/>Wenn wir Ihre Daten aufgrund von gesetzlichen oder anderen Verpflichtungen nicht l\u00f6schen k\u00f6nnen, z.B. wenn die Aufbewahrungsfristen noch nicht abgelaufen sind, k\u00f6nnen Sie die Einschr\u00e4nkung der Verarbeitung Ihrer Daten verlangen. Sie haben das Recht auf Einschr\u00e4nkung der Verarbeitung Ihrer Daten nach Art. 18 DSGVO.<\/li><li>Sie haben Widerspruchsrecht nach Art. 21 DSGVO, wenn wir Daten zur Direktinformation nach Art. 6 (1) lit. f DSGVO verarbeiten.<\/li><li>Eine von Ihnen erteilte Einwilligung in der Verarbeitung Ihrer Daten k\u00f6nnen Sie jederzeit mit Wirkung f\u00fcr die Zukunft widerrufen, sofern die Grundlage der Verarbeitung auf Art. 6 (1) lit. a DSGVO, \u201eEinwilligung\u201c beruht.<\/li><li>Wenn Sie keine Informationen von uns erhalten m\u00f6chten, k\u00f6nnen Sie dem jederzeit widersprechen, und wir werden Ihre Daten zuk\u00fcnftig nicht mehr zum Zwecke der allgemeinen Information verwenden.<\/li><li>Legen Sie Widerspruch gegen die Verarbeitung Ihrer Daten ein, wird dadurch die Rechtm\u00e4\u00dfigkeit der Verarbeitung auf der Grundlage Ihrer Einwilligung bis zum Widerspruch nicht ber\u00fchrt.<\/li><li>Sie haben ein Recht auf Daten\u00fcbertragbarkeit nach Art 20 DSGVO.<\/li><\/ul><p>Wenn Sie von Ihren Rechten Gebrauch machen, kostet Sie das normalerweise nichts. Kontaktieren Sie uns in einem solchen Fall.<\/p><p>Haben Sie eine Beschwerde oder eine Frage zum Datenschutz, wenden Sie sich gerne an uns (siehe Punkt 1). Sie haben auch das Recht, sich bei einer Aufsichtsbeh\u00f6rde zu beschweren.<\/p>\n<\/div><h2 class=\"bde-heading-9729-116 bde-heading\">\n8. \u00c4nderung dieser Datenschutzhinweise\n<\/h2><div class=\"bde-text-9729-117 bde-text\">\nWir \u00fcberarbeiten diese Datenschutzhinweise bei \u00c4nderungen an dieser Internetseite oder bei sonstigen Anl\u00e4ssen, die dies erforderlich machen. Die jeweils aktuelle Fassung finden Sie stets auf dieser Internetseite.<br>Stand: 07.02.2022\n<\/div><\/div>\n<\/section><section class=\"bde-section-9729-118 bde-section\">\n  \n  \n\t\n\n\n\n<div class=\"section-container\"><div class=\"bde-columns-9729-119 bde-columns\"><div class=\"bde-column-9729-120 bde-column\">\n  \n  \n\t\n\n\n\n<h3 class=\"bde-heading-9729-121 bde-heading\">\nKontakt\n<\/h3><div class=\"bde-rich-text-9729-122 bde-rich-text breakdance-rich-text-styles\">\n<p>Lebenshilfe Stuttgart e.V.<br \/>Ernsthaldenstra\u00dfe 39<br \/>70565 Stuttgart<\/p><p>Telefon: 0711 31 097-125<br \/>E-Mail:\u00a0<a title=\"Verein E-Mail\" href=\"mailto:%20verein@lebenshilfe-stuttgart.de\">verein@lebenshilfe-stuttgart.de<\/a><\/p>\n<\/div>\n<\/div><\/div><\/div>\n<\/section>","protected":false},"excerpt":{"rendered":"<p>Datenschutzhinweise zur Online-Beschwerde der Lebenshilfe Stuttgart<\/p>","protected":false},"author":2,"featured_media":0,"parent":0,"menu_order":0,"comment_status":"closed","ping_status":"closed","template":"","meta":{"_acf_changed":false,"_breakdance_hide_in_design_set":false,"_breakdance_tags":"","footnotes":""},"folder":[],"class_list":["post-9729","page","type-page","status-publish","hentry"],"acf":[],"_links":{"self":[{"href":"https:\/\/www.lebenshilfe-stuttgart.de\/de_leicht\/wp-json\/wp\/v2\/pages\/9729","targetHints":{"allow":["GET"]}}],"collection":[{"href":"https:\/\/www.lebenshilfe-stuttgart.de\/de_leicht\/wp-json\/wp\/v2\/pages"}],"about":[{"href":"https:\/\/www.lebenshilfe-stuttgart.de\/de_leicht\/wp-json\/wp\/v2\/types\/page"}],"author":[{"embeddable":true,"href":"https:\/\/www.lebenshilfe-stuttgart.de\/de_leicht\/wp-json\/wp\/v2\/users\/2"}],"replies":[{"embeddable":true,"href":"https:\/\/www.lebenshilfe-stuttgart.de\/de_leicht\/wp-json\/wp\/v2\/comments?post=9729"}],"version-history":[{"count":7,"href":"https:\/\/www.lebenshilfe-stuttgart.de\/de_leicht\/wp-json\/wp\/v2\/pages\/9729\/revisions"}],"predecessor-version":[{"id":15997,"href":"https:\/\/www.lebenshilfe-stuttgart.de\/de_leicht\/wp-json\/wp\/v2\/pages\/9729\/revisions\/15997"}],"wp:attachment":[{"href":"https:\/\/www.lebenshilfe-stuttgart.de\/de_leicht\/wp-json\/wp\/v2\/media?parent=9729"}],"wp:term":[{"taxonomy":"folder","embeddable":true,"href":"https:\/\/www.lebenshilfe-stuttgart.de\/de_leicht\/wp-json\/wp\/v2\/folder?post=9729"}],"curies":[{"name":"wp","href":"https:\/\/api.w.org\/{rel}","templated":true}]}}