{"id":12851,"date":"2024-01-15T10:26:41","date_gmt":"2024-01-15T09:26:41","guid":{"rendered":"http:\/\/breakdance.lebenshilfe-stuttgart.de\/?post_type=product&#038;p=12851"},"modified":"2026-01-23T10:37:30","modified_gmt":"2026-01-23T09:37:30","slug":"kerze-florenz","status":"publish","type":"product","link":"https:\/\/www.lebenshilfe-stuttgart.de\/de_leicht\/shop\/kerze-florenz\/","title":{"rendered":"Kerze Florenz"},"content":{"rendered":"<div id=\"wpadminbar\" class=\"nojq\" data-no-translation=\"\">\n<div id=\"wp-toolbar\" class=\"quicklinks\" role=\"navigation\" aria-label=\"Werkzeugleiste\">\n<p>Die Kerze Florenz ist eine perfekte Kombination aus edlem wei\u00dfem Porzellan und feinen Pastellfarben.<\/p>\n<p>Nach dem Abbrennen der Kerze k\u00f6nnen die Sch\u00e4lchen f\u00fcr Dips, Knabbereien, Dekoration oder \u00c4hnliches verwendet werden.<\/p>\n<p>Sowohl die Porzellanschale, wie auch die Kerze werden von Hand in den Werkst\u00e4tten der Lebenshilfe Stuttgart hergestellt.<\/p>\n<\/div>\n<\/div>","protected":false},"excerpt":{"rendered":"<p>Die Kerze Florenz ist eine perfekte Kombination aus edlem wei\u00dfem Porzellan und feinen Pastellfarben. Nach dem Abbrennen der Kerze k\u00f6nnen die Sch\u00e4lchen f\u00fcr Dips, Knabbereien, Dekoration oder \u00c4hnliches verwendet werden. Sowohl die Porzellanschale, wie auch die Kerze werden von Hand in den Werkst\u00e4tten der Lebenshilfe Stuttgart hergestellt.<\/p>","protected":false},"featured_media":16194,"template":"","meta":{"_acf_changed":false},"product_brand":[],"product_cat":[87],"product_tag":[],"class_list":{"0":"post-12851","1":"product","2":"type-product","3":"status-publish","4":"has-post-thumbnail","6":"product_cat-kerzen","8":"first","9":"outofstock","10":"taxable","11":"shipping-taxable","12":"purchasable","13":"product-type-variable"},"acf":[],"_links":{"self":[{"href":"https:\/\/www.lebenshilfe-stuttgart.de\/de_leicht\/wp-json\/wp\/v2\/product\/12851","targetHints":{"allow":["GET"]}}],"collection":[{"href":"https:\/\/www.lebenshilfe-stuttgart.de\/de_leicht\/wp-json\/wp\/v2\/product"}],"about":[{"href":"https:\/\/www.lebenshilfe-stuttgart.de\/de_leicht\/wp-json\/wp\/v2\/types\/product"}],"wp:featuredmedia":[{"embeddable":true,"href":"https:\/\/www.lebenshilfe-stuttgart.de\/de_leicht\/wp-json\/wp\/v2\/media\/16194"}],"wp:attachment":[{"href":"https:\/\/www.lebenshilfe-stuttgart.de\/de_leicht\/wp-json\/wp\/v2\/media?parent=12851"}],"wp:term":[{"taxonomy":"product_brand","embeddable":true,"href":"https:\/\/www.lebenshilfe-stuttgart.de\/de_leicht\/wp-json\/wp\/v2\/product_brand?post=12851"},{"taxonomy":"product_cat","embeddable":true,"href":"https:\/\/www.lebenshilfe-stuttgart.de\/de_leicht\/wp-json\/wp\/v2\/product_cat?post=12851"},{"taxonomy":"product_tag","embeddable":true,"href":"https:\/\/www.lebenshilfe-stuttgart.de\/de_leicht\/wp-json\/wp\/v2\/product_tag?post=12851"}],"curies":[{"name":"wp","href":"https:\/\/api.w.org\/{rel}","templated":true}]}}