{"id":14312,"date":"2024-04-18T11:32:12","date_gmt":"2024-04-18T09:32:12","guid":{"rendered":"http:\/\/breakdance.lebenshilfe-stuttgart.de\/?post_type=product&#038;p=14312"},"modified":"2025-12-19T10:16:52","modified_gmt":"2025-12-19T09:16:52","slug":"schale-tokio-s","status":"publish","type":"product","link":"https:\/\/www.lebenshilfe-stuttgart.de\/de_leicht\/shop\/schale-tokio-s\/","title":{"rendered":"Schale Tokio S"},"content":{"rendered":"<p>Unser Geschirr ist aus feinem Porzellan einzeln und von Hand gefertigt. Jedes St\u00fcck hat seine individuelle Form, keines ist wie das andere. Die Innenseite der Schalen ist komplett glasiert. Auch der obere Rand der Au\u00dfenseite ist glasiert, was dem Geschirr eine besondere Note verleiht.<\/p>\n<p>Die Schale ist in zwei Gr\u00f6\u00dfen erh\u00e4ltlich. Die kleinere Schale Tokio S hat einen Durchmesser von ca. 8 cm.<br \/>\nDie gr\u00f6\u00dfere Schale <a href=\"\/de_leicht\/shop\/schale-tokio-l\/\">Tokio L finden Sie hier<\/a>.<\/p>","protected":false},"excerpt":{"rendered":"<p>Unser Geschirr ist aus feinem Porzellan einzeln und von Hand gefertigt. Jedes St\u00fcck hat seine individuelle Form, keines ist wie das andere. Die Innenseite der Schalen ist komplett glasiert. Auch der obere Rand der Au\u00dfenseite ist glasiert, was dem Geschirr eine besondere Note verleiht. Die Schale ist in zwei Gr\u00f6\u00dfen erh\u00e4ltlich. Die kleinere Schale Tokio [&hellip;]<\/p>\n","protected":false},"featured_media":16172,"template":"","meta":{"_acf_changed":false},"product_brand":[],"product_cat":[85,136],"product_tag":[],"class_list":{"0":"post-14312","1":"product","2":"type-product","3":"status-publish","4":"has-post-thumbnail","6":"product_cat-keramik","7":"product_cat-kueche","9":"first","10":"instock","11":"taxable","12":"shipping-taxable","13":"purchasable","14":"product-type-simple"},"acf":[],"_links":{"self":[{"href":"https:\/\/www.lebenshilfe-stuttgart.de\/de_leicht\/wp-json\/wp\/v2\/product\/14312","targetHints":{"allow":["GET"]}}],"collection":[{"href":"https:\/\/www.lebenshilfe-stuttgart.de\/de_leicht\/wp-json\/wp\/v2\/product"}],"about":[{"href":"https:\/\/www.lebenshilfe-stuttgart.de\/de_leicht\/wp-json\/wp\/v2\/types\/product"}],"wp:featuredmedia":[{"embeddable":true,"href":"https:\/\/www.lebenshilfe-stuttgart.de\/de_leicht\/wp-json\/wp\/v2\/media\/16172"}],"wp:attachment":[{"href":"https:\/\/www.lebenshilfe-stuttgart.de\/de_leicht\/wp-json\/wp\/v2\/media?parent=14312"}],"wp:term":[{"taxonomy":"product_brand","embeddable":true,"href":"https:\/\/www.lebenshilfe-stuttgart.de\/de_leicht\/wp-json\/wp\/v2\/product_brand?post=14312"},{"taxonomy":"product_cat","embeddable":true,"href":"https:\/\/www.lebenshilfe-stuttgart.de\/de_leicht\/wp-json\/wp\/v2\/product_cat?post=14312"},{"taxonomy":"product_tag","embeddable":true,"href":"https:\/\/www.lebenshilfe-stuttgart.de\/de_leicht\/wp-json\/wp\/v2\/product_tag?post=14312"}],"curies":[{"name":"wp","href":"https:\/\/api.w.org\/{rel}","templated":true}]}}