{"id":15396,"date":"2024-08-12T15:49:48","date_gmt":"2024-08-12T13:49:48","guid":{"rendered":"http:\/\/breakdance.lebenshilfe-stuttgart.de\/?post_type=product&#038;p=15396"},"modified":"2026-04-02T10:50:11","modified_gmt":"2026-04-02T08:50:11","slug":"kerzenstaender-bruegge","status":"publish","type":"product","link":"https:\/\/www.lebenshilfe-stuttgart.de\/de_leicht\/shop\/kerzenstaender-bruegge\/","title":{"rendered":"Kerzenst\u00e4nder Br\u00fcgge"},"content":{"rendered":"<p>Das Kerzenst\u00e4nder-Set Br\u00fcgge aus Beton ist ideal geeignet f\u00fcr Stabkerzen, wie z.B. unsere <a href=\"https:\/\/www.lebenshilfe-stuttgart.de\/de_leicht\/shop\/kerze-venedig\/\">Kerze Venedig<\/a>. Das Set besteht aus vier verschieden hohen Kerzenhaltern. Auch f\u00fcr Adventskerzen l\u00e4sst sich dieses Set prima verwenden. Die Filzpunkte auf der Unterseite der Kerzenhalter verhindern das Verkratzen der Tischoberfl\u00e4che.<\/p>","protected":false},"excerpt":{"rendered":"<p>Das Kerzenst\u00e4nder-Set Br\u00fcgge aus Beton ist ideal geeignet f\u00fcr Stabkerzen, wie z.B. unsere Kerze Venedig. Das Set besteht aus vier verschieden hohen Kerzenhaltern. Auch f\u00fcr Adventskerzen l\u00e4sst sich dieses Set prima verwenden. Die Filzpunkte auf der Unterseite der Kerzenhalter verhindern das Verkratzen der Tischoberfl\u00e4che.<\/p>","protected":false},"featured_media":16118,"template":"","meta":{"_acf_changed":false},"product_brand":[],"product_cat":[92,87],"product_tag":[],"class_list":{"0":"post-15396","1":"product","2":"type-product","3":"status-publish","4":"has-post-thumbnail","6":"product_cat-betonprodukte","7":"product_cat-kerzen","9":"first","10":"instock","11":"taxable","12":"shipping-taxable","13":"purchasable","14":"product-type-simple"},"acf":[],"_links":{"self":[{"href":"https:\/\/www.lebenshilfe-stuttgart.de\/de_leicht\/wp-json\/wp\/v2\/product\/15396","targetHints":{"allow":["GET"]}}],"collection":[{"href":"https:\/\/www.lebenshilfe-stuttgart.de\/de_leicht\/wp-json\/wp\/v2\/product"}],"about":[{"href":"https:\/\/www.lebenshilfe-stuttgart.de\/de_leicht\/wp-json\/wp\/v2\/types\/product"}],"wp:featuredmedia":[{"embeddable":true,"href":"https:\/\/www.lebenshilfe-stuttgart.de\/de_leicht\/wp-json\/wp\/v2\/media\/16118"}],"wp:attachment":[{"href":"https:\/\/www.lebenshilfe-stuttgart.de\/de_leicht\/wp-json\/wp\/v2\/media?parent=15396"}],"wp:term":[{"taxonomy":"product_brand","embeddable":true,"href":"https:\/\/www.lebenshilfe-stuttgart.de\/de_leicht\/wp-json\/wp\/v2\/product_brand?post=15396"},{"taxonomy":"product_cat","embeddable":true,"href":"https:\/\/www.lebenshilfe-stuttgart.de\/de_leicht\/wp-json\/wp\/v2\/product_cat?post=15396"},{"taxonomy":"product_tag","embeddable":true,"href":"https:\/\/www.lebenshilfe-stuttgart.de\/de_leicht\/wp-json\/wp\/v2\/product_tag?post=15396"}],"curies":[{"name":"wp","href":"https:\/\/api.w.org\/{rel}","templated":true}]}}