{"id":18975,"date":"2025-05-16T10:22:48","date_gmt":"2025-05-16T08:22:48","guid":{"rendered":"https:\/\/www.lebenshilfe-stuttgart.de\/?post_type=product&#038;p=18975"},"modified":"2026-01-14T10:50:11","modified_gmt":"2026-01-14T09:50:11","slug":"trauerkarte-stiller-gruss","status":"publish","type":"product","link":"https:\/\/www.lebenshilfe-stuttgart.de\/de_leicht\/shop\/trauerkarte-stiller-gruss\/","title":{"rendered":"Trauerkarte Stiller Gru\u00df"},"content":{"rendered":"<p>Mit dieser stilvollen Trauerkarte l\u00e4sst sich Anteilnahme auf einf\u00fchlsame Weise ausdr\u00fccken. Das Design mit einem gepr\u00e4gten Kreuz-Motiv vermittelt Trost und Hoffnung in schweren Zeiten. Die Karte bietet ausreichend Platz f\u00fcr pers\u00f6nliche Worte und wird durch einen hochwertigen Umschlag abgerundet. Ein w\u00fcrdevoller Weg, um Mitgef\u00fchl zu zeigen und Erinnerungen zu teilen.<\/p>\n<p>Diese Kondolenzkarte wurde von Menschen mit einer schweren Behinderung hergestellt. Diese T\u00e4tigkeit hilft ihnen beim Erhalt ihrer F\u00e4higkeiten, gibt ihrem Tagesablauf Struktur und vermittelt ihnen Erfolgserlebnisse.<\/p>","protected":false},"excerpt":{"rendered":"<p>Mit dieser stilvollen Trauerkarte l\u00e4sst sich Anteilnahme auf einf\u00fchlsame Weise ausdr\u00fccken. Das Design mit einem gepr\u00e4gten Kreuz-Motiv vermittelt Trost und Hoffnung in schweren Zeiten. Die Karte bietet ausreichend Platz f\u00fcr pers\u00f6nliche Worte und wird durch einen hochwertigen Umschlag abgerundet. Ein w\u00fcrdevoller Weg, um Mitgef\u00fchl zu zeigen und Erinnerungen zu teilen. Diese Kondolenzkarte wurde von Menschen [&hellip;]<\/p>\n","protected":false},"featured_media":18942,"template":"","meta":{"_acf_changed":false},"product_brand":[],"product_cat":[293],"product_tag":[],"class_list":{"0":"post-18975","1":"product","2":"type-product","3":"status-publish","4":"has-post-thumbnail","6":"product_cat-karten","8":"first","9":"instock","10":"taxable","11":"shipping-taxable","12":"purchasable","13":"product-type-simple"},"acf":[],"_links":{"self":[{"href":"https:\/\/www.lebenshilfe-stuttgart.de\/de_leicht\/wp-json\/wp\/v2\/product\/18975","targetHints":{"allow":["GET"]}}],"collection":[{"href":"https:\/\/www.lebenshilfe-stuttgart.de\/de_leicht\/wp-json\/wp\/v2\/product"}],"about":[{"href":"https:\/\/www.lebenshilfe-stuttgart.de\/de_leicht\/wp-json\/wp\/v2\/types\/product"}],"wp:featuredmedia":[{"embeddable":true,"href":"https:\/\/www.lebenshilfe-stuttgart.de\/de_leicht\/wp-json\/wp\/v2\/media\/18942"}],"wp:attachment":[{"href":"https:\/\/www.lebenshilfe-stuttgart.de\/de_leicht\/wp-json\/wp\/v2\/media?parent=18975"}],"wp:term":[{"taxonomy":"product_brand","embeddable":true,"href":"https:\/\/www.lebenshilfe-stuttgart.de\/de_leicht\/wp-json\/wp\/v2\/product_brand?post=18975"},{"taxonomy":"product_cat","embeddable":true,"href":"https:\/\/www.lebenshilfe-stuttgart.de\/de_leicht\/wp-json\/wp\/v2\/product_cat?post=18975"},{"taxonomy":"product_tag","embeddable":true,"href":"https:\/\/www.lebenshilfe-stuttgart.de\/de_leicht\/wp-json\/wp\/v2\/product_tag?post=18975"}],"curies":[{"name":"wp","href":"https:\/\/api.w.org\/{rel}","templated":true}]}}