{"id":18979,"date":"2025-05-16T11:14:34","date_gmt":"2025-05-16T09:14:34","guid":{"rendered":"https:\/\/www.lebenshilfe-stuttgart.de\/?post_type=product&#038;p=18979"},"modified":"2026-04-02T10:50:11","modified_gmt":"2026-04-02T08:50:11","slug":"trauerkarte-lebensbaum-praegung","status":"publish","type":"product","link":"https:\/\/www.lebenshilfe-stuttgart.de\/de_leicht\/shop\/trauerkarte-lebensbaum-praegung\/","title":{"rendered":"Trauerkarte Lebensbaum Pr\u00e4gung"},"content":{"rendered":"<p>Diese elegante Trauerkarte besticht durch ihr schlichtes, aber ansprechendes Design. Das gepr\u00e4gte Baum-Motiv schafft eine beruhigende Atmosph\u00e4re, die Trost und Mitgef\u00fchl vermittelt. Im Inneren bietet die Karte gen\u00fcgend Platz f\u00fcr pers\u00f6nliche Worte und Beileidsbekundungen, um die Anteilnahme ausdr\u00fccken.<\/p>\n<p>Diese Kondolenzkarte wurde von Menschen mit einer schweren Behinderung hergestellt. Diese T\u00e4tigkeit hilft ihnen beim Erhalt ihrer F\u00e4higkeiten, gibt ihrem Tagesablauf Struktur und vermittelt ihnen Erfolgserlebnisse.<\/p>","protected":false},"excerpt":{"rendered":"<p>Diese elegante Trauerkarte besticht durch ihr schlichtes, aber ansprechendes Design. Das gepr\u00e4gte Baum-Motiv schafft eine beruhigende Atmosph\u00e4re, die Trost und Mitgef\u00fchl vermittelt. Im Inneren bietet die Karte gen\u00fcgend Platz f\u00fcr pers\u00f6nliche Worte und Beileidsbekundungen, um die Anteilnahme ausdr\u00fccken. Diese Kondolenzkarte wurde von Menschen mit einer schweren Behinderung hergestellt. Diese T\u00e4tigkeit hilft ihnen beim Erhalt ihrer [&hellip;]<\/p>\n","protected":false},"featured_media":18933,"template":"","meta":{"_acf_changed":false},"product_brand":[],"product_cat":[293],"product_tag":[],"class_list":{"0":"post-18979","1":"product","2":"type-product","3":"status-publish","4":"has-post-thumbnail","6":"product_cat-karten","8":"first","9":"instock","10":"taxable","11":"shipping-taxable","12":"purchasable","13":"product-type-simple"},"acf":[],"_links":{"self":[{"href":"https:\/\/www.lebenshilfe-stuttgart.de\/de_leicht\/wp-json\/wp\/v2\/product\/18979","targetHints":{"allow":["GET"]}}],"collection":[{"href":"https:\/\/www.lebenshilfe-stuttgart.de\/de_leicht\/wp-json\/wp\/v2\/product"}],"about":[{"href":"https:\/\/www.lebenshilfe-stuttgart.de\/de_leicht\/wp-json\/wp\/v2\/types\/product"}],"wp:featuredmedia":[{"embeddable":true,"href":"https:\/\/www.lebenshilfe-stuttgart.de\/de_leicht\/wp-json\/wp\/v2\/media\/18933"}],"wp:attachment":[{"href":"https:\/\/www.lebenshilfe-stuttgart.de\/de_leicht\/wp-json\/wp\/v2\/media?parent=18979"}],"wp:term":[{"taxonomy":"product_brand","embeddable":true,"href":"https:\/\/www.lebenshilfe-stuttgart.de\/de_leicht\/wp-json\/wp\/v2\/product_brand?post=18979"},{"taxonomy":"product_cat","embeddable":true,"href":"https:\/\/www.lebenshilfe-stuttgart.de\/de_leicht\/wp-json\/wp\/v2\/product_cat?post=18979"},{"taxonomy":"product_tag","embeddable":true,"href":"https:\/\/www.lebenshilfe-stuttgart.de\/de_leicht\/wp-json\/wp\/v2\/product_tag?post=18979"}],"curies":[{"name":"wp","href":"https:\/\/api.w.org\/{rel}","templated":true}]}}