{"id":19758,"date":"2025-09-22T09:53:47","date_gmt":"2025-09-22T07:53:47","guid":{"rendered":"https:\/\/www.lebenshilfe-stuttgart.de\/?post_type=product&#038;p=19758"},"modified":"2026-03-16T23:53:07","modified_gmt":"2026-03-16T22:53:07","slug":"kerze-matera","status":"publish","type":"product","link":"https:\/\/www.lebenshilfe-stuttgart.de\/de_leicht\/shop\/kerze-matera\/","title":{"rendered":"Kerze Matera"},"content":{"rendered":"<p>Diese Kerze aus Rapswachs mit einem breiten Holzdocht in einer glasierten Steinzeug-Schale steht f\u00fcr Gem\u00fctlichkeit. Das umweltfreundliche Rapswachs ist vegan und hat optimale Brenneigenschaften. Der breite Holzdocht brennt mit einer gro\u00dfen Flamme und verspr\u00fcht ein gem\u00fctliches Knistern.<\/p>\n<p>Die glasierte Schalke aus Steinzeug k\u00f6nnen Sie nach dem Abbrennen der Kerze nat\u00fcrlich reinigen und weiterhin verwenden. Sie ist lebensmittelecht und vielf\u00e4ltig einsetzbar.<\/p>","protected":false},"excerpt":{"rendered":"<p>Diese Kerze aus Rapswachs mit einem breiten Holzdocht in einer glasierten Steinzeug-Schale steht f\u00fcr Gem\u00fctlichkeit. Das umweltfreundliche Rapswachs ist vegan und hat optimale Brenneigenschaften. Der breite Holzdocht brennt mit einer gro\u00dfen Flamme und verspr\u00fcht ein gem\u00fctliches Knistern. Die glasierte Schalke aus Steinzeug k\u00f6nnen Sie nach dem Abbrennen der Kerze nat\u00fcrlich reinigen und weiterhin verwenden. Sie [&hellip;]<\/p>\n","protected":false},"featured_media":20582,"template":"","meta":{"_acf_changed":false},"product_brand":[],"product_cat":[87,313],"product_tag":[],"class_list":{"0":"post-19758","1":"product","2":"type-product","3":"status-publish","4":"has-post-thumbnail","6":"product_cat-kerzen","7":"product_cat-bestseller","9":"first","10":"instock","11":"taxable","12":"shipping-taxable","13":"purchasable","14":"product-type-simple"},"acf":[],"_links":{"self":[{"href":"https:\/\/www.lebenshilfe-stuttgart.de\/de_leicht\/wp-json\/wp\/v2\/product\/19758","targetHints":{"allow":["GET"]}}],"collection":[{"href":"https:\/\/www.lebenshilfe-stuttgart.de\/de_leicht\/wp-json\/wp\/v2\/product"}],"about":[{"href":"https:\/\/www.lebenshilfe-stuttgart.de\/de_leicht\/wp-json\/wp\/v2\/types\/product"}],"wp:featuredmedia":[{"embeddable":true,"href":"https:\/\/www.lebenshilfe-stuttgart.de\/de_leicht\/wp-json\/wp\/v2\/media\/20582"}],"wp:attachment":[{"href":"https:\/\/www.lebenshilfe-stuttgart.de\/de_leicht\/wp-json\/wp\/v2\/media?parent=19758"}],"wp:term":[{"taxonomy":"product_brand","embeddable":true,"href":"https:\/\/www.lebenshilfe-stuttgart.de\/de_leicht\/wp-json\/wp\/v2\/product_brand?post=19758"},{"taxonomy":"product_cat","embeddable":true,"href":"https:\/\/www.lebenshilfe-stuttgart.de\/de_leicht\/wp-json\/wp\/v2\/product_cat?post=19758"},{"taxonomy":"product_tag","embeddable":true,"href":"https:\/\/www.lebenshilfe-stuttgart.de\/de_leicht\/wp-json\/wp\/v2\/product_tag?post=19758"}],"curies":[{"name":"wp","href":"https:\/\/api.w.org\/{rel}","templated":true}]}}